{"id":433,"date":"2023-02-21T11:23:33","date_gmt":"2023-02-21T10:23:33","guid":{"rendered":"https:\/\/dmvconseil.com\/?page_id=433"},"modified":"2023-05-22T10:03:50","modified_gmt":"2023-05-22T08:03:50","slug":"protection-des-donnees-personnelles","status":"publish","type":"page","link":"https:\/\/dmvconseil.com\/index.php\/protection-des-donnees-personnelles\/","title":{"rendered":"Protection des donn\u00e9es personnelles"},"content":{"rendered":"\n<p class=\"has-black-color has-text-color\">Dans le cadre de nos relations professionnelles, nous sommes amen\u00e9s \u00e0 collecter, traiter et d\u00e9tenir des informations vous concernant. Les donn\u00e9es personnelles que vous nous transmettez dans le cadre de notre activit\u00e9 de Conseil en Gestion de Patrimoine et des services que nous vous proposons sont collect\u00e9es et trait\u00e9es par Jacques Vandeputte en qualit\u00e9  de Responsable de traitement au sens des dispositions du R\u00e8glement G\u00e9n\u00e9ral sur la protection des donn\u00e9es personnelles (RGPD).<br>Ces donn\u00e9es personnelles sont collect\u00e9es, selon le cas, sur des bases l\u00e9gales diff\u00e9rentes (votre consentement, la n\u00e9cessit\u00e9 contractuelle, le respect d\u2019une obligation l\u00e9gale et\/ou encore l\u2019int\u00e9r\u00eat l\u00e9gitime du Responsable du<br>traitement).<\/p>\n\n\n\n<p class=\"has-black-color has-text-color\"><br>Concernant vos proches, nous vous remercions de les tenir inform\u00e9s des modalit\u00e9s du pr\u00e9sent traitement de leurs donn\u00e9es personnelles.  Les donn\u00e9es collect\u00e9es vous concernant vous et vos proches seront conserv\u00e9es pendant toute la dur\u00e9e de nos relations contractuelles et ensuite en archive pendant un d\u00e9lai de cinq (5) ans, \u00e0 d\u00e9faut des d\u00e9lais plus courts ou plus longs sp\u00e9cialement pr\u00e9vus en cas de litige.<\/p>\n\n\n\n<p class=\"has-black-color has-text-color\"><br>Vous disposez sur ces donn\u00e9es d\u2019un droit d\u2019acc\u00e8s, de rectification, et limitation, ainsi que d\u2019un droit d\u2019opposition et de portabilit\u00e9 conform\u00e9ment \u00e0 la loi. Si vous souhaitez exercer ces droits, vous pouvez nous contacter \u00e0 info@dmvconseil.com<\/p>\n\n\n\n<p class=\"has-black-color has-text-color\"><br>Vous disposez \u00e9galement du droit d\u2019introduire une r\u00e9clamation aupr\u00e8s de la CNIL.<\/p>\n\n\n\n<p><\/p>\n","protected":false},"excerpt":{"rendered":"<p>Dans le cadre de nos relations professionnelles, nous sommes amen\u00e9s \u00e0 collecter, traiter et d\u00e9tenir des informations vous concernant. Les donn\u00e9es personnelles que vous nous transmettez dans le cadre de notre activit\u00e9 de Conseil en Gestion de Patrimoine et des services que nous vous proposons sont collect\u00e9es et trait\u00e9es par Jacques Vandeputte en qualit\u00e9 de Responsable de traitement au sens des dispositions du R\u00e8glement G\u00e9n\u00e9ral sur la protection des donn\u00e9es personnelles (RGPD).Ces donn\u00e9es personnelles sont &hellip; <\/p>\n","protected":false},"author":1,"featured_media":0,"parent":0,"menu_order":0,"comment_status":"closed","ping_status":"closed","template":"","meta":{"_monsterinsights_skip_tracking":false,"_monsterinsights_sitenote_active":false,"_monsterinsights_sitenote_note":"","_monsterinsights_sitenote_category":0},"yoast_head":"<!-- This site is optimized with the Yoast SEO plugin v16.0.2 - https:\/\/yoast.com\/wordpress\/plugins\/seo\/ -->\n<title>Protection des donn\u00e9es personnelles -<\/title>\n<link rel=\"canonical\" href=\"https:\/\/dmvconseil.com\/index.php\/protection-des-donnees-personnelles\/\" \/>\n<meta property=\"og:locale\" content=\"fr_FR\" \/>\n<meta property=\"og:type\" content=\"article\" \/>\n<meta property=\"og:title\" content=\"Protection des donn\u00e9es personnelles -\" \/>\n<meta property=\"og:description\" content=\"Dans le cadre de nos relations professionnelles, nous sommes amen\u00e9s \u00e0 collecter, traiter et d\u00e9tenir des informations vous concernant. Les donn\u00e9es personnelles que vous nous transmettez dans le cadre de notre activit\u00e9 de Conseil en Gestion de Patrimoine et des services que nous vous proposons sont collect\u00e9es et trait\u00e9es par Jacques Vandeputte en qualit\u00e9 de Responsable de traitement au sens des dispositions du R\u00e8glement G\u00e9n\u00e9ral sur la protection des donn\u00e9es personnelles (RGPD).Ces donn\u00e9es personnelles sont &hellip;\" \/>\n<meta property=\"og:url\" content=\"https:\/\/dmvconseil.com\/index.php\/protection-des-donnees-personnelles\/\" \/>\n<meta property=\"article:modified_time\" content=\"2023-05-22T08:03:50+00:00\" \/>\n<meta name=\"twitter:card\" content=\"summary_large_image\" \/>\n<meta name=\"twitter:label1\" content=\"Dur\u00e9e de lecture est.\">\n\t<meta name=\"twitter:data1\" content=\"1 minute\">\n<script type=\"application\/ld+json\" class=\"yoast-schema-graph\">{\"@context\":\"https:\/\/schema.org\",\"@graph\":[{\"@type\":\"Organization\",\"@id\":\"https:\/\/dmvconseil.com\/#organization\",\"name\":\"DMV Conseil\",\"url\":\"https:\/\/dmvconseil.com\/\",\"sameAs\":[\"https:\/\/www.linkedin.com\/company\/dmvconseil\"],\"logo\":{\"@type\":\"ImageObject\",\"@id\":\"https:\/\/dmvconseil.com\/#logo\",\"inLanguage\":\"fr-FR\",\"url\":\"\",\"caption\":\"DMV Conseil\"},\"image\":{\"@id\":\"https:\/\/dmvconseil.com\/#logo\"}},{\"@type\":\"WebSite\",\"@id\":\"https:\/\/dmvconseil.com\/#website\",\"url\":\"https:\/\/dmvconseil.com\/\",\"name\":\"DMV Conseil - Conseil en Gestion de Patrimoine\",\"description\":\"\",\"publisher\":{\"@id\":\"https:\/\/dmvconseil.com\/#organization\"},\"potentialAction\":[{\"@type\":\"SearchAction\",\"target\":\"https:\/\/dmvconseil.com\/?s={search_term_string}\",\"query-input\":\"required name=search_term_string\"}],\"inLanguage\":\"fr-FR\"},{\"@type\":\"WebPage\",\"@id\":\"https:\/\/dmvconseil.com\/index.php\/protection-des-donnees-personnelles\/#webpage\",\"url\":\"https:\/\/dmvconseil.com\/index.php\/protection-des-donnees-personnelles\/\",\"name\":\"Protection des donn\\u00e9es personnelles -\",\"isPartOf\":{\"@id\":\"https:\/\/dmvconseil.com\/#website\"},\"datePublished\":\"2023-02-21T10:23:33+00:00\",\"dateModified\":\"2023-05-22T08:03:50+00:00\",\"breadcrumb\":{\"@id\":\"https:\/\/dmvconseil.com\/index.php\/protection-des-donnees-personnelles\/#breadcrumb\"},\"inLanguage\":\"fr-FR\",\"potentialAction\":[{\"@type\":\"ReadAction\",\"target\":[\"https:\/\/dmvconseil.com\/index.php\/protection-des-donnees-personnelles\/\"]}]},{\"@type\":\"BreadcrumbList\",\"@id\":\"https:\/\/dmvconseil.com\/index.php\/protection-des-donnees-personnelles\/#breadcrumb\",\"itemListElement\":[{\"@type\":\"ListItem\",\"position\":1,\"item\":{\"@type\":\"WebPage\",\"@id\":\"https:\/\/dmvconseil.com\/\",\"url\":\"https:\/\/dmvconseil.com\/\",\"name\":\"Accueil\"}},{\"@type\":\"ListItem\",\"position\":2,\"item\":{\"@type\":\"WebPage\",\"@id\":\"https:\/\/dmvconseil.com\/index.php\/protection-des-donnees-personnelles\/\",\"url\":\"https:\/\/dmvconseil.com\/index.php\/protection-des-donnees-personnelles\/\",\"name\":\"Protection des donn\\u00e9es personnelles\"}}]}]}<\/script>\n<!-- \/ Yoast SEO plugin. -->","_links":{"self":[{"href":"https:\/\/dmvconseil.com\/index.php\/wp-json\/wp\/v2\/pages\/433"}],"collection":[{"href":"https:\/\/dmvconseil.com\/index.php\/wp-json\/wp\/v2\/pages"}],"about":[{"href":"https:\/\/dmvconseil.com\/index.php\/wp-json\/wp\/v2\/types\/page"}],"author":[{"embeddable":true,"href":"https:\/\/dmvconseil.com\/index.php\/wp-json\/wp\/v2\/users\/1"}],"replies":[{"embeddable":true,"href":"https:\/\/dmvconseil.com\/index.php\/wp-json\/wp\/v2\/comments?post=433"}],"version-history":[{"count":8,"href":"https:\/\/dmvconseil.com\/index.php\/wp-json\/wp\/v2\/pages\/433\/revisions"}],"predecessor-version":[{"id":556,"href":"https:\/\/dmvconseil.com\/index.php\/wp-json\/wp\/v2\/pages\/433\/revisions\/556"}],"wp:attachment":[{"href":"https:\/\/dmvconseil.com\/index.php\/wp-json\/wp\/v2\/media?parent=433"}],"curies":[{"name":"wp","href":"https:\/\/api.w.org\/{rel}","templated":true}]}}